{"id":888,"date":"2022-06-23T10:15:41","date_gmt":"2022-06-23T10:15:41","guid":{"rendered":"https:\/\/kongreshistorykowjezyka2023.us.edu.pl\/?page_id=888"},"modified":"2022-09-14T19:46:19","modified_gmt":"2022-09-14T19:46:19","slug":"historia","status":"publish","type":"page","link":"https:\/\/kongreshistorykowjezyka2023.us.edu.pl\/index.php\/historia\/","title":{"rendered":"Historia"},"content":{"rendered":"<p><strong>Wspomnienie \u2013 I Kongres Historyk\u00f3w J\u0119zyka<\/strong><\/p>\n<p><a href=\"https:\/\/kongreshistorykowjezyka2023.us.edu.pl\/wp-content\/uploads\/2022\/09\/Historia-jezyka-w-XXI-wieku.-Stan-i-perspektywy.pdf\"><img fetchpriority=\"high\" decoding=\"async\" class=\"alignleft wp-image-3974 size-medium\" title=\"Historia j\u0119zyka w XXI wieku. Stan i perspektywy pobierz plik PDF\" src=\"https:\/\/kongreshistorykowjezyka2023.us.edu.pl\/wp-content\/uploads\/2022\/09\/historia_01-300x428.jpg\" alt=\"Historia j\u0119zyka w XXI wieku. Stan i perspektywy plik PDF\" width=\"300\" height=\"428\" srcset=\"https:\/\/kongreshistorykowjezyka2023.us.edu.pl\/wp-content\/uploads\/2022\/09\/historia_01-300x428.jpg 300w, https:\/\/kongreshistorykowjezyka2023.us.edu.pl\/wp-content\/uploads\/2022\/09\/historia_01.jpg 606w\" sizes=\"(max-width: 300px) 100vw, 300px\" \/><\/a><\/p>\n<p>Kongres jest inicjatyw\u0105 podj\u0119t\u0105 przez j\u0119zykoznawc\u00f3w z Uniwersytetu \u015al\u0105skiego w Katowicach, a dok\u0142adniej \u2013 przez pracownik\u00f3w zatrudnionych w \u00f3wczesnym Instytucie J\u0119zyka Polskiego. Pierwsze spotkanie naukowe odbywa\u0142o si\u0119 od 13 do 15 IV 2016 roku na Wydziale Filologicznym Uniwersytetu \u015al\u0105skiego, a zgromadzi\u0142o ono historyk\u00f3w j\u0119zyka z ca\u0142ego kraju, reprezentuj\u0105cych r\u00f3\u017cne o\u015brodki naukowe (dwadzie\u015bcia trzy krajowe i kilka zagranicznych). W kongresie wzi\u0119li udzia\u0142 mi\u0119dzy innymi: prof. Bogdan Walczak, prof. Stanis\u0142aw Borawski, prof. Danuta Ostaszewska, prof. Krystyna Kleszczowa, prof. Bogus\u0142aw Wyderka, prof. Leszek Bednarczuk, prof. Joanna Okoniowa, prof. Jadwiga Puzynina, prof. Stanis\u0142aw Koziara. Lista znakomitych go\u015bci by\u0142a bardzo d\u0142uga \u2013 wyg\u0142osili oni blisko sze\u015b\u0107dziesi\u0105t referat\u00f3w, a tak\u017ce zaprezentowali ponad dziesi\u0119\u0107 poster\u00f3w (zainteresowanych odsy\u0142amy do spojrzenia na pami\u0105tkowy program imprezy \u2013 do pobrania-1). Spotkaniu towarzyszy\u0142a my\u015bl przewodnia: \u201eJ\u0119zykoznawstwo historyczne \u2012 w trosce o przysz\u0142o\u015b\u0107, w poszanowaniu przesz\u0142o\u015bci\u201d. Refleksj\u0105 by\u0142y obj\u0119te mi\u0119dzy innymi nast\u0119puj\u0105ce obszary tematyczne: granice i status historii j\u0119zyka jako dyscypliny badawczej, rola historii j\u0119zyka we wsp\u00f3\u0142czesnej humanistyce, mo\u017cliwo\u015bci integracji rozproszonych bada\u0144 historycznoj\u0119zykowych, rozumienie i interpretacja tekstu dawnego, \u017ar\u00f3d\u0142a w badaniach historycznoj\u0119zykowych, miejsce i rola historii j\u0119zyka w dydaktyce polonistycznej, historia j\u0119zyka wobec bada\u0144 regionalnych.<\/p>\n<p>Pok\u0142osiem obrad i pami\u0105tk\u0105 ze spotkania jest publikacja zatytu\u0142owana <em>Historia j\u0119zyka w XXI wieku. Stan i perspektywy<\/em> (Katowice: Wydawnictwo Uniwersytetu \u015al\u0105skiego, 2018, ss. 724).<\/p>\n<p>&nbsp;<\/p>\n<p>Warto przypomnie\u0107, \u017ce integraln\u0105 cz\u0119\u015bci\u0105 Kongresu Historyk\u00f3w J\u0119zyka by\u0142o uroczyste nadanie Instytutowi J\u0119zyka Polskiego U\u015a imienia Profesor Ireny Bajerowej. Wydarzeniu temu towarzyszy\u0142o sympozjum zatytu\u0142owane \u201eNon omnis moriar\u201d. G\u0142os zabrali w\u00f3wczas wsp\u00f3\u0142pracownicy, przyjaciele i cz\u0142onkowie rodziny Pani Profesor.<\/p>\n<style type=\"text\/css\">\n#foogallery-gallery-3980 .fg-image { width: 320px; }\n#foogallery-gallery-3980 { --fg-gutter: 20px; }<\/style>\n\t\t\t<div class=\"foogallery foogallery-container foogallery-default foogallery-lightbox-none fg-center fg-default fg-ready fg-light fg-border-thin fg-shadow-outline fg-shadow-inset-small fg-loaded-fade-in fg-caption-hover fg-hover-fade fg-hover-zoom\" id=\"foogallery-gallery-3980\" data-foogallery=\"{&quot;item&quot;:{&quot;showCaptionTitle&quot;:true,&quot;showCaptionDescription&quot;:true},&quot;lazy&quot;:true}\" style=\"--fg-title-line-clamp: 0; --fg-description-line-clamp: 0;\" >\n\t<div class=\"fg-item fg-type-image fg-idle\"><figure class=\"fg-item-inner\"><a href=\"https:\/\/kongreshistorykowjezyka2023.us.edu.pl\/wp-content\/uploads\/2022\/09\/historia_02.jpg\" data-attachment-id=\"3981\" data-type=\"image\" class=\"fg-thumb\"><span class=\"fg-image-wrap\"><img decoding=\"async\" width=\"320\" height=\"210\" class=\"skip-lazy fg-image\" data-src-fg=\"https:\/\/kongreshistorykowjezyka2023.us.edu.pl\/wp-content\/uploads\/cache\/2022\/09\/historia_02\/1452349139.jpg\" src=\"data:image\/svg+xml,%3Csvg%20xmlns%3D%22http%3A%2F%2Fwww.w3.org%2F2000%2Fsvg%22%20width%3D%22320%22%20height%3D%22210%22%20viewBox%3D%220%200%20320%20210%22%3E%3C%2Fsvg%3E\" loading=\"eager\"><\/span><span class=\"fg-image-overlay\"><\/span><\/a><\/figure><div class=\"fg-loader\"><\/div><\/div><div class=\"fg-item fg-type-image fg-idle\"><figure class=\"fg-item-inner\"><a href=\"https:\/\/kongreshistorykowjezyka2023.us.edu.pl\/wp-content\/uploads\/2022\/09\/historia_03.jpg\" data-attachment-id=\"3982\" data-type=\"image\" class=\"fg-thumb\"><span class=\"fg-image-wrap\"><img decoding=\"async\" width=\"320\" height=\"210\" class=\"skip-lazy fg-image\" data-src-fg=\"https:\/\/kongreshistorykowjezyka2023.us.edu.pl\/wp-content\/uploads\/cache\/2022\/09\/historia_03\/575107484.jpg\" src=\"data:image\/svg+xml,%3Csvg%20xmlns%3D%22http%3A%2F%2Fwww.w3.org%2F2000%2Fsvg%22%20width%3D%22320%22%20height%3D%22210%22%20viewBox%3D%220%200%20320%20210%22%3E%3C%2Fsvg%3E\" loading=\"eager\"><\/span><span class=\"fg-image-overlay\"><\/span><\/a><\/figure><div class=\"fg-loader\"><\/div><\/div><div class=\"fg-item fg-type-image fg-idle\"><figure class=\"fg-item-inner\"><a href=\"https:\/\/kongreshistorykowjezyka2023.us.edu.pl\/wp-content\/uploads\/2022\/09\/historia_04.jpg\" data-attachment-id=\"3983\" data-type=\"image\" class=\"fg-thumb\"><span class=\"fg-image-wrap\"><img decoding=\"async\" width=\"320\" height=\"210\" class=\"skip-lazy fg-image\" data-src-fg=\"https:\/\/kongreshistorykowjezyka2023.us.edu.pl\/wp-content\/uploads\/cache\/2022\/09\/historia_04\/1084859850.jpg\" src=\"data:image\/svg+xml,%3Csvg%20xmlns%3D%22http%3A%2F%2Fwww.w3.org%2F2000%2Fsvg%22%20width%3D%22320%22%20height%3D%22210%22%20viewBox%3D%220%200%20320%20210%22%3E%3C%2Fsvg%3E\" loading=\"eager\"><\/span><span class=\"fg-image-overlay\"><\/span><\/a><\/figure><div class=\"fg-loader\"><\/div><\/div><div class=\"fg-item fg-type-image fg-idle\"><figure class=\"fg-item-inner\"><a href=\"https:\/\/kongreshistorykowjezyka2023.us.edu.pl\/wp-content\/uploads\/2022\/09\/historia_05.jpg\" data-attachment-id=\"3984\" data-type=\"image\" class=\"fg-thumb\"><span class=\"fg-image-wrap\"><img decoding=\"async\" width=\"320\" height=\"210\" class=\"skip-lazy fg-image\" data-src-fg=\"https:\/\/kongreshistorykowjezyka2023.us.edu.pl\/wp-content\/uploads\/cache\/2022\/09\/historia_05\/1335996920.jpg\" src=\"data:image\/svg+xml,%3Csvg%20xmlns%3D%22http%3A%2F%2Fwww.w3.org%2F2000%2Fsvg%22%20width%3D%22320%22%20height%3D%22210%22%20viewBox%3D%220%200%20320%20210%22%3E%3C%2Fsvg%3E\" loading=\"eager\"><\/span><span class=\"fg-image-overlay\"><\/span><\/a><\/figure><div class=\"fg-loader\"><\/div><\/div><div class=\"fg-item fg-type-image fg-idle\"><figure class=\"fg-item-inner\"><a href=\"https:\/\/kongreshistorykowjezyka2023.us.edu.pl\/wp-content\/uploads\/2022\/09\/historia_06.jpg\" data-attachment-id=\"3985\" data-type=\"image\" class=\"fg-thumb\"><span class=\"fg-image-wrap\"><img decoding=\"async\" width=\"320\" height=\"210\" class=\"skip-lazy fg-image\" data-src-fg=\"https:\/\/kongreshistorykowjezyka2023.us.edu.pl\/wp-content\/uploads\/cache\/2022\/09\/historia_06\/2835704660.jpg\" src=\"data:image\/svg+xml,%3Csvg%20xmlns%3D%22http%3A%2F%2Fwww.w3.org%2F2000%2Fsvg%22%20width%3D%22320%22%20height%3D%22210%22%20viewBox%3D%220%200%20320%20210%22%3E%3C%2Fsvg%3E\" loading=\"eager\"><\/span><span class=\"fg-image-overlay\"><\/span><\/a><\/figure><div class=\"fg-loader\"><\/div><\/div><div class=\"fg-item fg-type-image fg-idle\"><figure class=\"fg-item-inner\"><a href=\"https:\/\/kongreshistorykowjezyka2023.us.edu.pl\/wp-content\/uploads\/2022\/09\/historia_07.jpg\" data-attachment-id=\"3986\" data-type=\"image\" class=\"fg-thumb\"><span class=\"fg-image-wrap\"><img decoding=\"async\" width=\"320\" height=\"210\" class=\"skip-lazy fg-image\" data-src-fg=\"https:\/\/kongreshistorykowjezyka2023.us.edu.pl\/wp-content\/uploads\/cache\/2022\/09\/historia_07\/3721595931.jpg\" src=\"data:image\/svg+xml,%3Csvg%20xmlns%3D%22http%3A%2F%2Fwww.w3.org%2F2000%2Fsvg%22%20width%3D%22320%22%20height%3D%22210%22%20viewBox%3D%220%200%20320%20210%22%3E%3C%2Fsvg%3E\" loading=\"eager\"><\/span><span class=\"fg-image-overlay\"><\/span><\/a><\/figure><div class=\"fg-loader\"><\/div><\/div><div class=\"fg-item fg-type-image fg-idle\"><figure class=\"fg-item-inner\"><a href=\"https:\/\/kongreshistorykowjezyka2023.us.edu.pl\/wp-content\/uploads\/2022\/09\/historia_08.png\" data-attachment-id=\"3987\" data-type=\"image\" class=\"fg-thumb\"><span class=\"fg-image-wrap\"><img decoding=\"async\" width=\"320\" height=\"210\" class=\"skip-lazy fg-image\" data-src-fg=\"https:\/\/kongreshistorykowjezyka2023.us.edu.pl\/wp-content\/uploads\/cache\/2022\/09\/historia_08\/289786854.png\" src=\"data:image\/svg+xml,%3Csvg%20xmlns%3D%22http%3A%2F%2Fwww.w3.org%2F2000%2Fsvg%22%20width%3D%22320%22%20height%3D%22210%22%20viewBox%3D%220%200%20320%20210%22%3E%3C%2Fsvg%3E\" loading=\"eager\"><\/span><span class=\"fg-image-overlay\"><\/span><\/a><\/figure><div class=\"fg-loader\"><\/div><\/div><div class=\"fg-item fg-type-image fg-idle\"><figure class=\"fg-item-inner\"><a href=\"https:\/\/kongreshistorykowjezyka2023.us.edu.pl\/wp-content\/uploads\/2022\/09\/historia_09.png\" data-attachment-id=\"3988\" data-type=\"image\" class=\"fg-thumb\"><span class=\"fg-image-wrap\"><img decoding=\"async\" width=\"320\" height=\"210\" class=\"skip-lazy fg-image\" data-src-fg=\"https:\/\/kongreshistorykowjezyka2023.us.edu.pl\/wp-content\/uploads\/cache\/2022\/09\/historia_09\/3924900142.png\" src=\"data:image\/svg+xml,%3Csvg%20xmlns%3D%22http%3A%2F%2Fwww.w3.org%2F2000%2Fsvg%22%20width%3D%22320%22%20height%3D%22210%22%20viewBox%3D%220%200%20320%20210%22%3E%3C%2Fsvg%3E\" loading=\"eager\"><\/span><span class=\"fg-image-overlay\"><\/span><\/a><\/figure><div class=\"fg-loader\"><\/div><\/div><div class=\"fg-item fg-type-image fg-idle\"><figure class=\"fg-item-inner\"><a href=\"https:\/\/kongreshistorykowjezyka2023.us.edu.pl\/wp-content\/uploads\/2022\/09\/historia_10.jpg\" data-attachment-id=\"3989\" data-type=\"image\" class=\"fg-thumb\"><span class=\"fg-image-wrap\"><img decoding=\"async\" width=\"320\" height=\"210\" class=\"skip-lazy fg-image\" data-src-fg=\"https:\/\/kongreshistorykowjezyka2023.us.edu.pl\/wp-content\/uploads\/cache\/2022\/09\/historia_10\/4101235479.jpg\" src=\"data:image\/svg+xml,%3Csvg%20xmlns%3D%22http%3A%2F%2Fwww.w3.org%2F2000%2Fsvg%22%20width%3D%22320%22%20height%3D%22210%22%20viewBox%3D%220%200%20320%20210%22%3E%3C%2Fsvg%3E\" loading=\"eager\"><\/span><span class=\"fg-image-overlay\"><\/span><\/a><\/figure><div class=\"fg-loader\"><\/div><\/div><\/div>\n\n<p>&nbsp;<\/p>\n<p>4 XII 2008 r. odby\u0142a si\u0119 uroczysto\u015b\u0107 nadania Profesor Irenie Bajerowej tytu\u0142u doktora honoris causa Uniwersytetu \u015al\u0105skiego w Katowicach. Losy \u015bl\u0105skiej polonistyki s\u0105 \u015bci\u015ble zwi\u0105zane z \u017cyciem Pani Profesor.<\/p>\n<p>&nbsp;<\/p>\n<style type=\"text\/css\">\n#foogallery-gallery-3991 .fg-image { width: 320px; }\n#foogallery-gallery-3991 { --fg-gutter: 20px; }<\/style>\n\t\t\t<div class=\"foogallery foogallery-container foogallery-default foogallery-lightbox-none fg-center fg-default fg-ready fg-light fg-border-thin fg-shadow-outline fg-shadow-inset-small fg-loaded-fade-in fg-caption-hover fg-hover-fade fg-hover-zoom\" id=\"foogallery-gallery-3991\" data-foogallery=\"{&quot;item&quot;:{&quot;showCaptionTitle&quot;:true,&quot;showCaptionDescription&quot;:true},&quot;lazy&quot;:true}\" style=\"--fg-title-line-clamp: 0; --fg-description-line-clamp: 0;\" >\n\t<div class=\"fg-item fg-type-image fg-idle\"><figure class=\"fg-item-inner\"><a href=\"https:\/\/kongreshistorykowjezyka2023.us.edu.pl\/wp-content\/uploads\/2022\/09\/historia_11.jpg\" data-attachment-id=\"3992\" data-type=\"image\" class=\"fg-thumb\"><span class=\"fg-image-wrap\"><img decoding=\"async\" width=\"320\" height=\"210\" class=\"skip-lazy fg-image\" data-src-fg=\"https:\/\/kongreshistorykowjezyka2023.us.edu.pl\/wp-content\/uploads\/cache\/2022\/09\/historia_11\/3262510030.jpg\" src=\"data:image\/svg+xml,%3Csvg%20xmlns%3D%22http%3A%2F%2Fwww.w3.org%2F2000%2Fsvg%22%20width%3D%22320%22%20height%3D%22210%22%20viewBox%3D%220%200%20320%20210%22%3E%3C%2Fsvg%3E\" loading=\"eager\"><\/span><span class=\"fg-image-overlay\"><\/span><\/a><\/figure><div class=\"fg-loader\"><\/div><\/div><div class=\"fg-item fg-type-image fg-idle\"><figure class=\"fg-item-inner\"><a href=\"https:\/\/kongreshistorykowjezyka2023.us.edu.pl\/wp-content\/uploads\/2022\/09\/historia_12.jpg\" data-attachment-id=\"3993\" data-type=\"image\" class=\"fg-thumb\"><span class=\"fg-image-wrap\"><img decoding=\"async\" width=\"320\" height=\"210\" class=\"skip-lazy fg-image\" data-src-fg=\"https:\/\/kongreshistorykowjezyka2023.us.edu.pl\/wp-content\/uploads\/cache\/2022\/09\/historia_12\/617687394.jpg\" src=\"data:image\/svg+xml,%3Csvg%20xmlns%3D%22http%3A%2F%2Fwww.w3.org%2F2000%2Fsvg%22%20width%3D%22320%22%20height%3D%22210%22%20viewBox%3D%220%200%20320%20210%22%3E%3C%2Fsvg%3E\" loading=\"eager\"><\/span><span class=\"fg-image-overlay\"><\/span><\/a><\/figure><div class=\"fg-loader\"><\/div><\/div><div class=\"fg-item fg-type-image fg-idle\"><figure class=\"fg-item-inner\"><a href=\"https:\/\/kongreshistorykowjezyka2023.us.edu.pl\/wp-content\/uploads\/2022\/09\/historia_13.jpg\" data-attachment-id=\"3994\" data-type=\"image\" class=\"fg-thumb\"><span class=\"fg-image-wrap\"><img decoding=\"async\" width=\"320\" height=\"210\" class=\"skip-lazy fg-image\" data-src-fg=\"https:\/\/kongreshistorykowjezyka2023.us.edu.pl\/wp-content\/uploads\/cache\/2022\/09\/historia_13\/735657296.jpg\" src=\"data:image\/svg+xml,%3Csvg%20xmlns%3D%22http%3A%2F%2Fwww.w3.org%2F2000%2Fsvg%22%20width%3D%22320%22%20height%3D%22210%22%20viewBox%3D%220%200%20320%20210%22%3E%3C%2Fsvg%3E\" loading=\"eager\"><\/span><span class=\"fg-image-overlay\"><\/span><\/a><\/figure><div class=\"fg-loader\"><\/div><\/div><div class=\"fg-item fg-type-image fg-idle\"><figure class=\"fg-item-inner\"><a href=\"https:\/\/kongreshistorykowjezyka2023.us.edu.pl\/wp-content\/uploads\/2022\/09\/historia_14.jpg\" data-attachment-id=\"3995\" data-type=\"image\" class=\"fg-thumb\"><span class=\"fg-image-wrap\"><img decoding=\"async\" width=\"320\" height=\"210\" class=\"skip-lazy fg-image\" data-src-fg=\"https:\/\/kongreshistorykowjezyka2023.us.edu.pl\/wp-content\/uploads\/cache\/2022\/09\/historia_14\/1228400902.jpg\" src=\"data:image\/svg+xml,%3Csvg%20xmlns%3D%22http%3A%2F%2Fwww.w3.org%2F2000%2Fsvg%22%20width%3D%22320%22%20height%3D%22210%22%20viewBox%3D%220%200%20320%20210%22%3E%3C%2Fsvg%3E\" loading=\"eager\"><\/span><span class=\"fg-image-overlay\"><\/span><\/a><\/figure><div class=\"fg-loader\"><\/div><\/div><div class=\"fg-item fg-type-image fg-idle\"><figure class=\"fg-item-inner\"><a href=\"https:\/\/kongreshistorykowjezyka2023.us.edu.pl\/wp-content\/uploads\/2022\/09\/historia_15.jpg\" data-attachment-id=\"3996\" data-type=\"image\" class=\"fg-thumb\"><span class=\"fg-image-wrap\"><img decoding=\"async\" width=\"320\" height=\"210\" class=\"skip-lazy fg-image\" data-src-fg=\"https:\/\/kongreshistorykowjezyka2023.us.edu.pl\/wp-content\/uploads\/cache\/2022\/09\/historia_15\/1038192201.jpg\" src=\"data:image\/svg+xml,%3Csvg%20xmlns%3D%22http%3A%2F%2Fwww.w3.org%2F2000%2Fsvg%22%20width%3D%22320%22%20height%3D%22210%22%20viewBox%3D%220%200%20320%20210%22%3E%3C%2Fsvg%3E\" loading=\"eager\"><\/span><span class=\"fg-image-overlay\"><\/span><\/a><\/figure><div class=\"fg-loader\"><\/div><\/div><div class=\"fg-item fg-type-image fg-idle\"><figure class=\"fg-item-inner\"><a href=\"https:\/\/kongreshistorykowjezyka2023.us.edu.pl\/wp-content\/uploads\/2022\/09\/historia_16.jpg\" data-attachment-id=\"3997\" data-type=\"image\" class=\"fg-thumb\"><span class=\"fg-image-wrap\"><img decoding=\"async\" width=\"320\" height=\"210\" class=\"skip-lazy fg-image\" data-src-fg=\"https:\/\/kongreshistorykowjezyka2023.us.edu.pl\/wp-content\/uploads\/cache\/2022\/09\/historia_16\/3678754021.jpg\" src=\"data:image\/svg+xml,%3Csvg%20xmlns%3D%22http%3A%2F%2Fwww.w3.org%2F2000%2Fsvg%22%20width%3D%22320%22%20height%3D%22210%22%20viewBox%3D%220%200%20320%20210%22%3E%3C%2Fsvg%3E\" loading=\"eager\"><\/span><span class=\"fg-image-overlay\"><\/span><\/a><\/figure><div class=\"fg-loader\"><\/div><\/div><div class=\"fg-item fg-type-image fg-idle\"><figure class=\"fg-item-inner\"><a href=\"https:\/\/kongreshistorykowjezyka2023.us.edu.pl\/wp-content\/uploads\/2022\/09\/historia_17.jpg\" data-attachment-id=\"3998\" data-type=\"image\" class=\"fg-thumb\"><span class=\"fg-image-wrap\"><img decoding=\"async\" width=\"320\" height=\"210\" class=\"skip-lazy fg-image\" data-src-fg=\"https:\/\/kongreshistorykowjezyka2023.us.edu.pl\/wp-content\/uploads\/cache\/2022\/09\/historia_17\/603039277.jpg\" src=\"data:image\/svg+xml,%3Csvg%20xmlns%3D%22http%3A%2F%2Fwww.w3.org%2F2000%2Fsvg%22%20width%3D%22320%22%20height%3D%22210%22%20viewBox%3D%220%200%20320%20210%22%3E%3C%2Fsvg%3E\" loading=\"eager\"><\/span><span class=\"fg-image-overlay\"><\/span><\/a><\/figure><div class=\"fg-loader\"><\/div><\/div><div class=\"fg-item fg-type-image fg-idle\"><figure class=\"fg-item-inner\"><a href=\"https:\/\/kongreshistorykowjezyka2023.us.edu.pl\/wp-content\/uploads\/2022\/09\/historia_18.jpg\" data-attachment-id=\"3999\" data-type=\"image\" class=\"fg-thumb\"><span class=\"fg-image-wrap\"><img decoding=\"async\" width=\"320\" height=\"210\" class=\"skip-lazy fg-image\" data-src-fg=\"https:\/\/kongreshistorykowjezyka2023.us.edu.pl\/wp-content\/uploads\/cache\/2022\/09\/historia_18\/2465884622.jpg\" src=\"data:image\/svg+xml,%3Csvg%20xmlns%3D%22http%3A%2F%2Fwww.w3.org%2F2000%2Fsvg%22%20width%3D%22320%22%20height%3D%22210%22%20viewBox%3D%220%200%20320%20210%22%3E%3C%2Fsvg%3E\" loading=\"eager\"><\/span><span class=\"fg-image-overlay\"><\/span><\/a><\/figure><div class=\"fg-loader\"><\/div><\/div><\/div>\n\n<p>&nbsp;<\/p>\n<p>Ju\u017c podczas organizacji Pierwszego Kongresu Historyk\u00f3w J\u0119zyka zdecydowano, \u017ce b\u0119dzie to spotkanie cykliczne, odbywaj\u0105ce si\u0119 co pi\u0119\u0107 lat. Niestety, pandemia pokrzy\u017cowa\u0142a te plany, dlatego te\u017c drugie spotkanie po\u015bwi\u0119cone j\u0119zykoznawstwu diachronicznemu odb\u0119dzie si\u0119 w p\u00f3\u017aniejszym czasie \u2013 dopiero w 2023 roku. Co jednak istotne, idea Kongresu Historyk\u00f3w J\u0119zyka pozostaje niezmienna \u2013 to przekonanie o potrzebie i warto\u015bci konsolidacji \u015brodowiska, kt\u00f3re \u2013 \u0142\u0105cz\u0105c tradycj\u0119 badawcz\u0105 z nowoczesno\u015bci\u0105 my\u015bli \u2013 ma wiele do zaoferowania w kwestiach merytorycznych, metodologicznych i dydaktycznych.<\/p>\n<p>Zanim po raz kolejny spotkamy si\u0119 z Pa\u0144stwem w go\u015bcinnych murach Uniwersytetu \u015al\u0105skiego, zapraszamy do wspomnie\u0144 z pierwszego Kongresu, kt\u00f3re \u2013 mamy tak\u0105 nadziej\u0119 \u2013 przywo\u0142aj\u0105 tak\u017ce osoby, miejsca i sytuacje uwiecznione na fotografiach.<\/p>\n<p>&nbsp;<\/p>\n<style type=\"text\/css\">\n#foogallery-gallery-4001 .fg-image { width: 320px; }\n#foogallery-gallery-4001 { --fg-gutter: 20px; }<\/style>\n\t\t\t<div class=\"foogallery foogallery-container foogallery-default foogallery-lightbox-foobox fg-center fg-default fg-ready fg-light fg-border-thin fg-shadow-outline fg-shadow-inset-small fg-loading-default fg-loaded-fade-in fg-caption-hover fg-hover-fade fg-hover-zoom\" id=\"foogallery-gallery-4001\" data-foogallery=\"{&quot;item&quot;:{&quot;showCaptionTitle&quot;:true,&quot;showCaptionDescription&quot;:true},&quot;lazy&quot;:true}\" style=\"--fg-title-line-clamp: 0; --fg-description-line-clamp: 0;\" >\n\t<div class=\"fg-item fg-type-image fg-idle\"><figure class=\"fg-item-inner\"><a href=\"https:\/\/kongreshistorykowjezyka2023.us.edu.pl\/wp-content\/uploads\/2022\/09\/historia_19.jpg\" data-attachment-id=\"4002\" data-type=\"image\" class=\"fg-thumb\"><span class=\"fg-image-wrap\"><img decoding=\"async\" width=\"320\" height=\"210\" class=\"skip-lazy fg-image\" data-src-fg=\"https:\/\/kongreshistorykowjezyka2023.us.edu.pl\/wp-content\/uploads\/cache\/2022\/09\/historia_19\/2647783490.jpg\" src=\"data:image\/svg+xml,%3Csvg%20xmlns%3D%22http%3A%2F%2Fwww.w3.org%2F2000%2Fsvg%22%20width%3D%22320%22%20height%3D%22210%22%20viewBox%3D%220%200%20320%20210%22%3E%3C%2Fsvg%3E\" loading=\"eager\"><\/span><span class=\"fg-image-overlay\"><\/span><\/a><\/figure><div class=\"fg-loader\"><\/div><\/div><div class=\"fg-item fg-type-image fg-idle\"><figure class=\"fg-item-inner\"><a href=\"https:\/\/kongreshistorykowjezyka2023.us.edu.pl\/wp-content\/uploads\/2022\/09\/historia_20.jpg\" data-attachment-id=\"4003\" data-type=\"image\" class=\"fg-thumb\"><span class=\"fg-image-wrap\"><img decoding=\"async\" width=\"320\" height=\"210\" class=\"skip-lazy fg-image\" data-src-fg=\"https:\/\/kongreshistorykowjezyka2023.us.edu.pl\/wp-content\/uploads\/cache\/2022\/09\/historia_20\/3543663331.jpg\" src=\"data:image\/svg+xml,%3Csvg%20xmlns%3D%22http%3A%2F%2Fwww.w3.org%2F2000%2Fsvg%22%20width%3D%22320%22%20height%3D%22210%22%20viewBox%3D%220%200%20320%20210%22%3E%3C%2Fsvg%3E\" loading=\"eager\"><\/span><span class=\"fg-image-overlay\"><\/span><\/a><\/figure><div class=\"fg-loader\"><\/div><\/div><div class=\"fg-item fg-type-image fg-idle\"><figure class=\"fg-item-inner\"><a href=\"https:\/\/kongreshistorykowjezyka2023.us.edu.pl\/wp-content\/uploads\/2022\/09\/historia_21.jpg\" data-attachment-id=\"4004\" data-type=\"image\" class=\"fg-thumb\"><span class=\"fg-image-wrap\"><img decoding=\"async\" width=\"320\" height=\"210\" class=\"skip-lazy fg-image\" data-src-fg=\"https:\/\/kongreshistorykowjezyka2023.us.edu.pl\/wp-content\/uploads\/cache\/2022\/09\/historia_21\/3694139089.jpg\" src=\"data:image\/svg+xml,%3Csvg%20xmlns%3D%22http%3A%2F%2Fwww.w3.org%2F2000%2Fsvg%22%20width%3D%22320%22%20height%3D%22210%22%20viewBox%3D%220%200%20320%20210%22%3E%3C%2Fsvg%3E\" loading=\"eager\"><\/span><span class=\"fg-image-overlay\"><\/span><\/a><\/figure><div class=\"fg-loader\"><\/div><\/div><div class=\"fg-item fg-type-image fg-idle\"><figure class=\"fg-item-inner\"><a href=\"https:\/\/kongreshistorykowjezyka2023.us.edu.pl\/wp-content\/uploads\/2022\/09\/historia_22.jpg\" data-attachment-id=\"4005\" data-type=\"image\" class=\"fg-thumb\"><span class=\"fg-image-wrap\"><img decoding=\"async\" width=\"320\" height=\"210\" class=\"skip-lazy fg-image\" data-src-fg=\"https:\/\/kongreshistorykowjezyka2023.us.edu.pl\/wp-content\/uploads\/cache\/2022\/09\/historia_22\/982830205.jpg\" src=\"data:image\/svg+xml,%3Csvg%20xmlns%3D%22http%3A%2F%2Fwww.w3.org%2F2000%2Fsvg%22%20width%3D%22320%22%20height%3D%22210%22%20viewBox%3D%220%200%20320%20210%22%3E%3C%2Fsvg%3E\" loading=\"eager\"><\/span><span class=\"fg-image-overlay\"><\/span><\/a><\/figure><div class=\"fg-loader\"><\/div><\/div><div class=\"fg-item fg-type-image fg-idle\"><figure class=\"fg-item-inner\"><a href=\"https:\/\/kongreshistorykowjezyka2023.us.edu.pl\/wp-content\/uploads\/2022\/09\/historia_23.jpg\" data-attachment-id=\"4006\" data-type=\"image\" class=\"fg-thumb\"><span class=\"fg-image-wrap\"><img decoding=\"async\" width=\"320\" height=\"210\" class=\"skip-lazy fg-image\" data-src-fg=\"https:\/\/kongreshistorykowjezyka2023.us.edu.pl\/wp-content\/uploads\/cache\/2022\/09\/historia_23\/1312992050.jpg\" src=\"data:image\/svg+xml,%3Csvg%20xmlns%3D%22http%3A%2F%2Fwww.w3.org%2F2000%2Fsvg%22%20width%3D%22320%22%20height%3D%22210%22%20viewBox%3D%220%200%20320%20210%22%3E%3C%2Fsvg%3E\" loading=\"eager\"><\/span><span class=\"fg-image-overlay\"><\/span><\/a><\/figure><div class=\"fg-loader\"><\/div><\/div><div class=\"fg-item fg-type-image fg-idle\"><figure class=\"fg-item-inner\"><a href=\"https:\/\/kongreshistorykowjezyka2023.us.edu.pl\/wp-content\/uploads\/2022\/09\/historia_24.jpg\" data-attachment-id=\"4007\" data-type=\"image\" class=\"fg-thumb\"><span class=\"fg-image-wrap\"><img decoding=\"async\" width=\"320\" height=\"210\" class=\"skip-lazy fg-image\" data-src-fg=\"https:\/\/kongreshistorykowjezyka2023.us.edu.pl\/wp-content\/uploads\/cache\/2022\/09\/historia_24\/749502308.jpg\" src=\"data:image\/svg+xml,%3Csvg%20xmlns%3D%22http%3A%2F%2Fwww.w3.org%2F2000%2Fsvg%22%20width%3D%22320%22%20height%3D%22210%22%20viewBox%3D%220%200%20320%20210%22%3E%3C%2Fsvg%3E\" loading=\"eager\"><\/span><span class=\"fg-image-overlay\"><\/span><\/a><\/figure><div class=\"fg-loader\"><\/div><\/div><div class=\"fg-item fg-type-image fg-idle\"><figure class=\"fg-item-inner\"><a href=\"https:\/\/kongreshistorykowjezyka2023.us.edu.pl\/wp-content\/uploads\/2022\/09\/historia_25.jpg\" data-attachment-id=\"4008\" data-type=\"image\" class=\"fg-thumb\"><span class=\"fg-image-wrap\"><img decoding=\"async\" width=\"320\" height=\"210\" class=\"skip-lazy fg-image\" data-src-fg=\"https:\/\/kongreshistorykowjezyka2023.us.edu.pl\/wp-content\/uploads\/cache\/2022\/09\/historia_25\/3558378924.jpg\" src=\"data:image\/svg+xml,%3Csvg%20xmlns%3D%22http%3A%2F%2Fwww.w3.org%2F2000%2Fsvg%22%20width%3D%22320%22%20height%3D%22210%22%20viewBox%3D%220%200%20320%20210%22%3E%3C%2Fsvg%3E\" loading=\"eager\"><\/span><span class=\"fg-image-overlay\"><\/span><\/a><\/figure><div class=\"fg-loader\"><\/div><\/div><div class=\"fg-item fg-type-image fg-idle\"><figure class=\"fg-item-inner\"><a href=\"https:\/\/kongreshistorykowjezyka2023.us.edu.pl\/wp-content\/uploads\/2022\/09\/historia_26.jpg\" data-attachment-id=\"4009\" data-type=\"image\" class=\"fg-thumb\"><span class=\"fg-image-wrap\"><img decoding=\"async\" width=\"320\" height=\"210\" class=\"skip-lazy fg-image\" data-src-fg=\"https:\/\/kongreshistorykowjezyka2023.us.edu.pl\/wp-content\/uploads\/cache\/2022\/09\/historia_26\/851203840.jpg\" src=\"data:image\/svg+xml,%3Csvg%20xmlns%3D%22http%3A%2F%2Fwww.w3.org%2F2000%2Fsvg%22%20width%3D%22320%22%20height%3D%22210%22%20viewBox%3D%220%200%20320%20210%22%3E%3C%2Fsvg%3E\" loading=\"eager\"><\/span><span class=\"fg-image-overlay\"><\/span><\/a><\/figure><div class=\"fg-loader\"><\/div><\/div><div class=\"fg-item fg-type-image fg-idle\"><figure class=\"fg-item-inner\"><a href=\"https:\/\/kongreshistorykowjezyka2023.us.edu.pl\/wp-content\/uploads\/2022\/09\/historia_27.jpg\" data-attachment-id=\"4010\" data-type=\"image\" class=\"fg-thumb\"><span class=\"fg-image-wrap\"><img decoding=\"async\" width=\"320\" height=\"210\" class=\"skip-lazy fg-image\" data-src-fg=\"https:\/\/kongreshistorykowjezyka2023.us.edu.pl\/wp-content\/uploads\/cache\/2022\/09\/historia_27\/2273975287.jpg\" src=\"data:image\/svg+xml,%3Csvg%20xmlns%3D%22http%3A%2F%2Fwww.w3.org%2F2000%2Fsvg%22%20width%3D%22320%22%20height%3D%22210%22%20viewBox%3D%220%200%20320%20210%22%3E%3C%2Fsvg%3E\" loading=\"eager\"><\/span><span class=\"fg-image-overlay\"><\/span><\/a><\/figure><div class=\"fg-loader\"><\/div><\/div><div class=\"fg-item fg-type-image fg-idle\"><figure class=\"fg-item-inner\"><a href=\"https:\/\/kongreshistorykowjezyka2023.us.edu.pl\/wp-content\/uploads\/2022\/09\/historia_28.jpg\" data-attachment-id=\"4011\" data-type=\"image\" class=\"fg-thumb\"><span class=\"fg-image-wrap\"><img decoding=\"async\" width=\"320\" height=\"210\" class=\"skip-lazy fg-image\" data-src-fg=\"https:\/\/kongreshistorykowjezyka2023.us.edu.pl\/wp-content\/uploads\/cache\/2022\/09\/historia_28\/914478100.jpg\" src=\"data:image\/svg+xml,%3Csvg%20xmlns%3D%22http%3A%2F%2Fwww.w3.org%2F2000%2Fsvg%22%20width%3D%22320%22%20height%3D%22210%22%20viewBox%3D%220%200%20320%20210%22%3E%3C%2Fsvg%3E\" loading=\"eager\"><\/span><span class=\"fg-image-overlay\"><\/span><\/a><\/figure><div class=\"fg-loader\"><\/div><\/div><div class=\"fg-item fg-type-image fg-idle\"><figure class=\"fg-item-inner\"><a href=\"https:\/\/kongreshistorykowjezyka2023.us.edu.pl\/wp-content\/uploads\/2022\/09\/historia_29.jpg\" data-attachment-id=\"4012\" data-type=\"image\" class=\"fg-thumb\"><span class=\"fg-image-wrap\"><img decoding=\"async\" width=\"320\" height=\"210\" class=\"skip-lazy fg-image\" data-src-fg=\"https:\/\/kongreshistorykowjezyka2023.us.edu.pl\/wp-content\/uploads\/cache\/2022\/09\/historia_29\/1113043803.jpg\" src=\"data:image\/svg+xml,%3Csvg%20xmlns%3D%22http%3A%2F%2Fwww.w3.org%2F2000%2Fsvg%22%20width%3D%22320%22%20height%3D%22210%22%20viewBox%3D%220%200%20320%20210%22%3E%3C%2Fsvg%3E\" loading=\"eager\"><\/span><span class=\"fg-image-overlay\"><\/span><\/a><\/figure><div class=\"fg-loader\"><\/div><\/div><div class=\"fg-item fg-type-image fg-idle\"><figure class=\"fg-item-inner\"><a href=\"https:\/\/kongreshistorykowjezyka2023.us.edu.pl\/wp-content\/uploads\/2022\/09\/historia_30.jpg\" data-attachment-id=\"4013\" data-type=\"image\" class=\"fg-thumb\"><span class=\"fg-image-wrap\"><img decoding=\"async\" width=\"320\" height=\"210\" class=\"skip-lazy fg-image\" data-src-fg=\"https:\/\/kongreshistorykowjezyka2023.us.edu.pl\/wp-content\/uploads\/cache\/2022\/09\/historia_30\/575168892.jpg\" src=\"data:image\/svg+xml,%3Csvg%20xmlns%3D%22http%3A%2F%2Fwww.w3.org%2F2000%2Fsvg%22%20width%3D%22320%22%20height%3D%22210%22%20viewBox%3D%220%200%20320%20210%22%3E%3C%2Fsvg%3E\" loading=\"eager\"><\/span><span class=\"fg-image-overlay\"><\/span><\/a><\/figure><div class=\"fg-loader\"><\/div><\/div><div class=\"fg-item fg-type-image fg-idle\"><figure class=\"fg-item-inner\"><a href=\"https:\/\/kongreshistorykowjezyka2023.us.edu.pl\/wp-content\/uploads\/2022\/09\/historia_31.jpg\" data-attachment-id=\"4014\" data-type=\"image\" class=\"fg-thumb\"><span class=\"fg-image-wrap\"><img decoding=\"async\" width=\"320\" height=\"210\" class=\"skip-lazy fg-image\" data-src-fg=\"https:\/\/kongreshistorykowjezyka2023.us.edu.pl\/wp-content\/uploads\/cache\/2022\/09\/historia_31\/759199054.jpg\" src=\"data:image\/svg+xml,%3Csvg%20xmlns%3D%22http%3A%2F%2Fwww.w3.org%2F2000%2Fsvg%22%20width%3D%22320%22%20height%3D%22210%22%20viewBox%3D%220%200%20320%20210%22%3E%3C%2Fsvg%3E\" loading=\"eager\"><\/span><span class=\"fg-image-overlay\"><\/span><\/a><\/figure><div class=\"fg-loader\"><\/div><\/div><div class=\"fg-item fg-type-image fg-idle\"><figure class=\"fg-item-inner\"><a href=\"https:\/\/kongreshistorykowjezyka2023.us.edu.pl\/wp-content\/uploads\/2022\/09\/historia_32.jpg\" data-attachment-id=\"4015\" data-type=\"image\" class=\"fg-thumb\"><span class=\"fg-image-wrap\"><img decoding=\"async\" width=\"320\" height=\"210\" class=\"skip-lazy fg-image\" data-src-fg=\"https:\/\/kongreshistorykowjezyka2023.us.edu.pl\/wp-content\/uploads\/cache\/2022\/09\/historia_32\/3420762082.jpg\" src=\"data:image\/svg+xml,%3Csvg%20xmlns%3D%22http%3A%2F%2Fwww.w3.org%2F2000%2Fsvg%22%20width%3D%22320%22%20height%3D%22210%22%20viewBox%3D%220%200%20320%20210%22%3E%3C%2Fsvg%3E\" loading=\"eager\"><\/span><span class=\"fg-image-overlay\"><\/span><\/a><\/figure><div class=\"fg-loader\"><\/div><\/div><div class=\"fg-item fg-type-image fg-idle\"><figure class=\"fg-item-inner\"><a href=\"https:\/\/kongreshistorykowjezyka2023.us.edu.pl\/wp-content\/uploads\/2022\/09\/historia_33.jpg\" data-attachment-id=\"4016\" data-type=\"image\" class=\"fg-thumb\"><span class=\"fg-image-wrap\"><img decoding=\"async\" width=\"320\" height=\"210\" class=\"skip-lazy fg-image\" data-src-fg=\"https:\/\/kongreshistorykowjezyka2023.us.edu.pl\/wp-content\/uploads\/cache\/2022\/09\/historia_33\/3207776429.jpg\" src=\"data:image\/svg+xml,%3Csvg%20xmlns%3D%22http%3A%2F%2Fwww.w3.org%2F2000%2Fsvg%22%20width%3D%22320%22%20height%3D%22210%22%20viewBox%3D%220%200%20320%20210%22%3E%3C%2Fsvg%3E\" loading=\"eager\"><\/span><span class=\"fg-image-overlay\"><\/span><\/a><\/figure><div class=\"fg-loader\"><\/div><\/div><div class=\"fg-item fg-type-image fg-idle\"><figure class=\"fg-item-inner\"><a href=\"https:\/\/kongreshistorykowjezyka2023.us.edu.pl\/wp-content\/uploads\/2022\/09\/historia_34.jpg\" data-attachment-id=\"4017\" data-type=\"image\" class=\"fg-thumb\"><span class=\"fg-image-wrap\"><img decoding=\"async\" width=\"320\" height=\"210\" class=\"skip-lazy fg-image\" data-src-fg=\"https:\/\/kongreshistorykowjezyka2023.us.edu.pl\/wp-content\/uploads\/cache\/2022\/09\/historia_34\/3722190075.jpg\" src=\"data:image\/svg+xml,%3Csvg%20xmlns%3D%22http%3A%2F%2Fwww.w3.org%2F2000%2Fsvg%22%20width%3D%22320%22%20height%3D%22210%22%20viewBox%3D%220%200%20320%20210%22%3E%3C%2Fsvg%3E\" loading=\"eager\"><\/span><span class=\"fg-image-overlay\"><\/span><\/a><\/figure><div class=\"fg-loader\"><\/div><\/div><div class=\"fg-item fg-type-image fg-idle\"><figure class=\"fg-item-inner\"><a href=\"https:\/\/kongreshistorykowjezyka2023.us.edu.pl\/wp-content\/uploads\/2022\/09\/historia_35.jpg\" data-attachment-id=\"4018\" data-type=\"image\" class=\"fg-thumb\"><span class=\"fg-image-wrap\"><img decoding=\"async\" width=\"320\" height=\"210\" class=\"skip-lazy fg-image\" data-src-fg=\"https:\/\/kongreshistorykowjezyka2023.us.edu.pl\/wp-content\/uploads\/cache\/2022\/09\/historia_35\/627633715.jpg\" src=\"data:image\/svg+xml,%3Csvg%20xmlns%3D%22http%3A%2F%2Fwww.w3.org%2F2000%2Fsvg%22%20width%3D%22320%22%20height%3D%22210%22%20viewBox%3D%220%200%20320%20210%22%3E%3C%2Fsvg%3E\" loading=\"eager\"><\/span><span class=\"fg-image-overlay\"><\/span><\/a><\/figure><div class=\"fg-loader\"><\/div><\/div><div class=\"fg-item fg-type-image fg-idle\"><figure class=\"fg-item-inner\"><a href=\"https:\/\/kongreshistorykowjezyka2023.us.edu.pl\/wp-content\/uploads\/2022\/09\/historia_36.jpg\" data-attachment-id=\"4019\" data-type=\"image\" class=\"fg-thumb\"><span class=\"fg-image-wrap\"><img decoding=\"async\" width=\"320\" height=\"210\" class=\"skip-lazy fg-image\" data-src-fg=\"https:\/\/kongreshistorykowjezyka2023.us.edu.pl\/wp-content\/uploads\/cache\/2022\/09\/historia_36\/3284939935.jpg\" src=\"data:image\/svg+xml,%3Csvg%20xmlns%3D%22http%3A%2F%2Fwww.w3.org%2F2000%2Fsvg%22%20width%3D%22320%22%20height%3D%22210%22%20viewBox%3D%220%200%20320%20210%22%3E%3C%2Fsvg%3E\" loading=\"eager\"><\/span><span class=\"fg-image-overlay\"><\/span><\/a><\/figure><div class=\"fg-loader\"><\/div><\/div><div class=\"fg-item fg-type-image fg-idle\"><figure class=\"fg-item-inner\"><a href=\"https:\/\/kongreshistorykowjezyka2023.us.edu.pl\/wp-content\/uploads\/2022\/09\/historia_37.jpg\" data-attachment-id=\"4020\" data-type=\"image\" class=\"fg-thumb\"><span class=\"fg-image-wrap\"><img decoding=\"async\" width=\"320\" height=\"210\" class=\"skip-lazy fg-image\" data-src-fg=\"https:\/\/kongreshistorykowjezyka2023.us.edu.pl\/wp-content\/uploads\/cache\/2022\/09\/historia_37\/1637716369.jpg\" src=\"data:image\/svg+xml,%3Csvg%20xmlns%3D%22http%3A%2F%2Fwww.w3.org%2F2000%2Fsvg%22%20width%3D%22320%22%20height%3D%22210%22%20viewBox%3D%220%200%20320%20210%22%3E%3C%2Fsvg%3E\" loading=\"eager\"><\/span><span class=\"fg-image-overlay\"><\/span><\/a><\/figure><div class=\"fg-loader\"><\/div><\/div><div class=\"fg-item fg-type-image fg-idle\"><figure class=\"fg-item-inner\"><a href=\"https:\/\/kongreshistorykowjezyka2023.us.edu.pl\/wp-content\/uploads\/2022\/09\/historia_38.jpg\" data-attachment-id=\"4021\" data-type=\"image\" class=\"fg-thumb\"><span class=\"fg-image-wrap\"><img decoding=\"async\" width=\"320\" height=\"210\" class=\"skip-lazy fg-image\" data-src-fg=\"https:\/\/kongreshistorykowjezyka2023.us.edu.pl\/wp-content\/uploads\/cache\/2022\/09\/historia_38\/3499515506.jpg\" src=\"data:image\/svg+xml,%3Csvg%20xmlns%3D%22http%3A%2F%2Fwww.w3.org%2F2000%2Fsvg%22%20width%3D%22320%22%20height%3D%22210%22%20viewBox%3D%220%200%20320%20210%22%3E%3C%2Fsvg%3E\" loading=\"eager\"><\/span><span class=\"fg-image-overlay\"><\/span><\/a><\/figure><div class=\"fg-loader\"><\/div><\/div><div class=\"fg-item fg-type-image fg-idle\"><figure class=\"fg-item-inner\"><a href=\"https:\/\/kongreshistorykowjezyka2023.us.edu.pl\/wp-content\/uploads\/2022\/09\/historia_39.jpg\" data-attachment-id=\"4022\" data-type=\"image\" class=\"fg-thumb\"><span class=\"fg-image-wrap\"><img decoding=\"async\" width=\"320\" height=\"210\" class=\"skip-lazy fg-image\" data-src-fg=\"https:\/\/kongreshistorykowjezyka2023.us.edu.pl\/wp-content\/uploads\/cache\/2022\/09\/historia_39\/2755672381.jpg\" src=\"data:image\/svg+xml,%3Csvg%20xmlns%3D%22http%3A%2F%2Fwww.w3.org%2F2000%2Fsvg%22%20width%3D%22320%22%20height%3D%22210%22%20viewBox%3D%220%200%20320%20210%22%3E%3C%2Fsvg%3E\" loading=\"eager\"><\/span><span class=\"fg-image-overlay\"><\/span><\/a><\/figure><div class=\"fg-loader\"><\/div><\/div><div class=\"fg-item fg-type-image fg-idle\"><figure class=\"fg-item-inner\"><a href=\"https:\/\/kongreshistorykowjezyka2023.us.edu.pl\/wp-content\/uploads\/2022\/09\/historia_40.jpg\" data-attachment-id=\"4023\" data-type=\"image\" class=\"fg-thumb\"><span class=\"fg-image-wrap\"><img decoding=\"async\" width=\"320\" height=\"210\" class=\"skip-lazy fg-image\" data-src-fg=\"https:\/\/kongreshistorykowjezyka2023.us.edu.pl\/wp-content\/uploads\/cache\/2022\/09\/historia_40\/3074790032.jpg\" src=\"data:image\/svg+xml,%3Csvg%20xmlns%3D%22http%3A%2F%2Fwww.w3.org%2F2000%2Fsvg%22%20width%3D%22320%22%20height%3D%22210%22%20viewBox%3D%220%200%20320%20210%22%3E%3C%2Fsvg%3E\" loading=\"eager\"><\/span><span class=\"fg-image-overlay\"><\/span><\/a><\/figure><div class=\"fg-loader\"><\/div><\/div><div class=\"fg-item fg-type-image fg-idle\"><figure class=\"fg-item-inner\"><a href=\"https:\/\/kongreshistorykowjezyka2023.us.edu.pl\/wp-content\/uploads\/2022\/09\/historia_41.jpg\" data-attachment-id=\"4024\" data-type=\"image\" class=\"fg-thumb\"><span class=\"fg-image-wrap\"><img decoding=\"async\" width=\"320\" height=\"210\" class=\"skip-lazy fg-image\" data-src-fg=\"https:\/\/kongreshistorykowjezyka2023.us.edu.pl\/wp-content\/uploads\/cache\/2022\/09\/historia_41\/3092088482.jpg\" src=\"data:image\/svg+xml,%3Csvg%20xmlns%3D%22http%3A%2F%2Fwww.w3.org%2F2000%2Fsvg%22%20width%3D%22320%22%20height%3D%22210%22%20viewBox%3D%220%200%20320%20210%22%3E%3C%2Fsvg%3E\" loading=\"eager\"><\/span><span class=\"fg-image-overlay\"><\/span><\/a><\/figure><div class=\"fg-loader\"><\/div><\/div><div class=\"fg-item fg-type-image fg-idle\"><figure class=\"fg-item-inner\"><a href=\"https:\/\/kongreshistorykowjezyka2023.us.edu.pl\/wp-content\/uploads\/2022\/09\/historia_42.jpg\" data-attachment-id=\"4025\" data-type=\"image\" class=\"fg-thumb\"><span class=\"fg-image-wrap\"><img decoding=\"async\" width=\"320\" height=\"210\" class=\"skip-lazy fg-image\" data-src-fg=\"https:\/\/kongreshistorykowjezyka2023.us.edu.pl\/wp-content\/uploads\/cache\/2022\/09\/historia_42\/1592351758.jpg\" src=\"data:image\/svg+xml,%3Csvg%20xmlns%3D%22http%3A%2F%2Fwww.w3.org%2F2000%2Fsvg%22%20width%3D%22320%22%20height%3D%22210%22%20viewBox%3D%220%200%20320%20210%22%3E%3C%2Fsvg%3E\" loading=\"eager\"><\/span><span class=\"fg-image-overlay\"><\/span><\/a><\/figure><div class=\"fg-loader\"><\/div><\/div><div class=\"fg-item fg-type-image fg-idle\"><figure class=\"fg-item-inner\"><a href=\"https:\/\/kongreshistorykowjezyka2023.us.edu.pl\/wp-content\/uploads\/2022\/09\/historia_43.jpg\" data-attachment-id=\"4026\" data-type=\"image\" class=\"fg-thumb\"><span class=\"fg-image-wrap\"><img decoding=\"async\" width=\"320\" height=\"210\" class=\"skip-lazy fg-image\" data-src-fg=\"https:\/\/kongreshistorykowjezyka2023.us.edu.pl\/wp-content\/uploads\/cache\/2022\/09\/historia_43\/708787009.jpg\" src=\"data:image\/svg+xml,%3Csvg%20xmlns%3D%22http%3A%2F%2Fwww.w3.org%2F2000%2Fsvg%22%20width%3D%22320%22%20height%3D%22210%22%20viewBox%3D%220%200%20320%20210%22%3E%3C%2Fsvg%3E\" loading=\"eager\"><\/span><span class=\"fg-image-overlay\"><\/span><\/a><\/figure><div class=\"fg-loader\"><\/div><\/div><div class=\"fg-item fg-type-image fg-idle\"><figure class=\"fg-item-inner\"><a href=\"https:\/\/kongreshistorykowjezyka2023.us.edu.pl\/wp-content\/uploads\/2022\/09\/historia_44.jpg\" data-attachment-id=\"4027\" data-type=\"image\" class=\"fg-thumb\"><span class=\"fg-image-wrap\"><img decoding=\"async\" width=\"320\" height=\"210\" class=\"skip-lazy fg-image\" data-src-fg=\"https:\/\/kongreshistorykowjezyka2023.us.edu.pl\/wp-content\/uploads\/cache\/2022\/09\/historia_44\/1221717783.jpg\" src=\"data:image\/svg+xml,%3Csvg%20xmlns%3D%22http%3A%2F%2Fwww.w3.org%2F2000%2Fsvg%22%20width%3D%22320%22%20height%3D%22210%22%20viewBox%3D%220%200%20320%20210%22%3E%3C%2Fsvg%3E\" loading=\"eager\"><\/span><span class=\"fg-image-overlay\"><\/span><\/a><\/figure><div class=\"fg-loader\"><\/div><\/div><div class=\"fg-item fg-type-image fg-idle\"><figure class=\"fg-item-inner\"><a href=\"https:\/\/kongreshistorykowjezyka2023.us.edu.pl\/wp-content\/uploads\/2022\/09\/historia_45.jpg\" data-attachment-id=\"4028\" data-type=\"image\" class=\"fg-thumb\"><span class=\"fg-image-wrap\"><img decoding=\"async\" width=\"320\" height=\"210\" class=\"skip-lazy fg-image\" data-src-fg=\"https:\/\/kongreshistorykowjezyka2023.us.edu.pl\/wp-content\/uploads\/cache\/2022\/09\/historia_45\/2959416799.jpg\" src=\"data:image\/svg+xml,%3Csvg%20xmlns%3D%22http%3A%2F%2Fwww.w3.org%2F2000%2Fsvg%22%20width%3D%22320%22%20height%3D%22210%22%20viewBox%3D%220%200%20320%20210%22%3E%3C%2Fsvg%3E\" loading=\"eager\"><\/span><span class=\"fg-image-overlay\"><\/span><\/a><\/figure><div class=\"fg-loader\"><\/div><\/div><div class=\"fg-item fg-type-image fg-idle\"><figure class=\"fg-item-inner\"><a href=\"https:\/\/kongreshistorykowjezyka2023.us.edu.pl\/wp-content\/uploads\/2022\/09\/historia_46.jpg\" data-attachment-id=\"4029\" data-type=\"image\" class=\"fg-thumb\"><span class=\"fg-image-wrap\"><img decoding=\"async\" width=\"320\" height=\"210\" class=\"skip-lazy fg-image\" data-src-fg=\"https:\/\/kongreshistorykowjezyka2023.us.edu.pl\/wp-content\/uploads\/cache\/2022\/09\/historia_46\/1455540083.jpg\" src=\"data:image\/svg+xml,%3Csvg%20xmlns%3D%22http%3A%2F%2Fwww.w3.org%2F2000%2Fsvg%22%20width%3D%22320%22%20height%3D%22210%22%20viewBox%3D%220%200%20320%20210%22%3E%3C%2Fsvg%3E\" loading=\"eager\"><\/span><span class=\"fg-image-overlay\"><\/span><\/a><\/figure><div class=\"fg-loader\"><\/div><\/div><\/div>\n\n<p>&nbsp;<\/p>\n<p>Z pewno\u015bci\u0105 wiele wspomnie\u0144 zwi\u0105zanych z I Kongresem Historyk\u00f3w J\u0119zyka przywo\u0142aj\u0105 tak\u017ce sprawozdania z tego spotkania naukowego:<\/p>\n<ul>\n<li>Kinga W\u0105si\u0144ska, Wioletta Wilczek, <em>Wielki dzie\u0144 historyk\u00f3w j\u0119zyka. Sprawozdanie z Kongresu Historyk\u00f3w J\u0119zyka (Katowice, 13-15 kwietnia 2016)<\/em> \u2013 do pobrania-4<\/li>\n<li>Jolanta Migda\u0142, <em>Sprawozdanie z Kongresu Historyk\u00f3w J\u0119zyka J\u0119zykoznawstwo historyczne \u2013 w poszanowaniu przesz\u0142o\u015bci, w trosce o przysz\u0142o\u015b\u0107,<\/em> <em>Katowice, 13-15 kwietnia 2016<\/em> \u2013 do pobrania-5<\/li>\n<li>Joanna Godlewicz-Adamiec, <em>Kongres Historyk\u00f3w J\u0119zyka \u2013 sprawozdanie<\/em>, <a href=\"http:\/\/kulturadawna.uw.edu.pl\/2016\/05\/03\/kongres-historykow-jezyka-sprawozdanie\/\">http:\/\/kulturadawna.uw.edu.pl\/2016\/05\/03\/kongres-historykow-jezyka-sprawozdanie\/<\/a><\/li>\n<\/ul>\n","protected":false},"excerpt":{"rendered":"<p>Wspomnienie \u2013 I Kongres Historyk\u00f3w J\u0119zyka Kongres jest inicjatyw\u0105 podj\u0119t\u0105 przez j\u0119zykoznawc\u00f3w z Uniwersytetu \u015al\u0105skiego w Katowicach, a dok\u0142adniej \u2013 przez pracownik\u00f3w zatrudnionych w \u00f3wczesnym Instytucie J\u0119zyka Polskiego. Pierwsze spotkanie naukowe odbywa\u0142o si\u0119 od 13 do 15 IV 2016 roku &hellip; <a href=\"https:\/\/kongreshistorykowjezyka2023.us.edu.pl\/index.php\/historia\/\">Continued<\/a><\/p>\n","protected":false},"author":1,"featured_media":0,"parent":0,"menu_order":0,"comment_status":"closed","ping_status":"closed","template":"","meta":{"_kadence_starter_templates_imported_post":false,"footnotes":""},"class_list":["post-888","page","type-page","status-publish","hentry"],"_links":{"self":[{"href":"https:\/\/kongreshistorykowjezyka2023.us.edu.pl\/index.php\/wp-json\/wp\/v2\/pages\/888","targetHints":{"allow":["GET"]}}],"collection":[{"href":"https:\/\/kongreshistorykowjezyka2023.us.edu.pl\/index.php\/wp-json\/wp\/v2\/pages"}],"about":[{"href":"https:\/\/kongreshistorykowjezyka2023.us.edu.pl\/index.php\/wp-json\/wp\/v2\/types\/page"}],"author":[{"embeddable":true,"href":"https:\/\/kongreshistorykowjezyka2023.us.edu.pl\/index.php\/wp-json\/wp\/v2\/users\/1"}],"replies":[{"embeddable":true,"href":"https:\/\/kongreshistorykowjezyka2023.us.edu.pl\/index.php\/wp-json\/wp\/v2\/comments?post=888"}],"version-history":[{"count":16,"href":"https:\/\/kongreshistorykowjezyka2023.us.edu.pl\/index.php\/wp-json\/wp\/v2\/pages\/888\/revisions"}],"predecessor-version":[{"id":3972,"href":"https:\/\/kongreshistorykowjezyka2023.us.edu.pl\/index.php\/wp-json\/wp\/v2\/pages\/888\/revisions\/3972"}],"wp:attachment":[{"href":"https:\/\/kongreshistorykowjezyka2023.us.edu.pl\/index.php\/wp-json\/wp\/v2\/media?parent=888"}],"curies":[{"name":"wp","href":"https:\/\/api.w.org\/{rel}","templated":true}]}}